{"id":2546,"date":"2025-02-14T08:36:58","date_gmt":"2025-02-14T08:36:58","guid":{"rendered":"https:\/\/princalati.rs\/?post_type=product&#038;p=2546"},"modified":"2025-04-07T12:40:05","modified_gmt":"2025-04-07T12:40:05","slug":"zastitne-naocare-s-punim-vidnim-poljem-profi-1","status":"publish","type":"product","link":"https:\/\/princalati.rs\/index.php\/product\/zastitne-naocare-s-punim-vidnim-poljem-profi-1\/","title":{"rendered":"Za\u0161titne nao\u010dare s punim vidnim poljem Profi 1"},"content":{"rendered":"<div class=\"pdp-details-container-content\">\n<h3 class=\"pdp-details-container-content-headline\">Detalji<\/h3>\n<\/div>\n<div class=\"pdp-details-container-content\">\n<div class=\"pdp-details-container-content-left\">\n<div>\n<div class=\"headline\">\n<h4>Podru\u010dja primjene:<\/h4>\n<\/div>\n<p class=\"description\">Za poslove koji zahtevaju visoku mehani\u010dku za\u0161titu<\/p>\n<\/div>\n<div>\n<div class=\"headline\">\n<h4>Prednosti:<\/h4>\n<\/div>\n<ul class=\"list\">\n<li class=\"description\">Sportski dizajn nao\u010dara\n<ul>\n<li>\u0160iroko panoramsko vidno polje<\/li>\n<li>Ergonomski oblikovana stakla osiguravaju \u0161iroko, prirodno vidno polje s neograni\u010denim pogledom na desnu i levu stranu<\/li>\n<\/ul>\n<\/li>\n<li class=\"description\">Savr\u0161eno pristajanje i visoka udobnost\n<ul>\n<li>Potpuno podesiva traka za glavu i mekan okvir<\/li>\n<li>U\u010dinkovita raspodela pritiska na lice<\/li>\n<li>Kombinacija tvrdih i mekanih komponenti, koje se prilago\u0111avaju licu korisnika<\/li>\n<\/ul>\n<\/li>\n<li class=\"description\">Sveobuhvatna bo\u010dna za\u0161tita\n<ul>\n<li>Oko o\u010diju, \u010dak i ako se nose preko dioptrijskih nao\u010dara<\/li>\n<li>Mo\u017ee se nositi preko ve\u0107ine nao\u010dara<\/li>\n<\/ul>\n<\/li>\n<li class=\"description\">Inovativni sistem ventilacije\n<ul>\n<li>Osigurava udobno okru\u017eenje na unutra\u0161njoj strani nao\u010dara<\/li>\n<\/ul>\n<\/li>\n<li class=\"description\">100% UV za\u0161tita\n<ul>\n<li>Premaz protiv zamagljivanja<\/li>\n<\/ul>\n<\/li>\n<\/ul>\n<\/div>\n<div class=\"pdp-details-container-content-icons\">\n<div class=\"pdp-details-container-content-icons-container\">\n<div class=\"pdp-details-container-content-icons-container-item\"><img decoding=\"async\" title=\"\" src=\"https:\/\/mediaserver.berner.eu\/External\/XL\/9986[TIF]-100.jpg\" alt=\"Za\u0161titne nao\u010dale s punim vidnim poljem Profi 1\" width=\"70px\" height=\"70px\" \/><\/div>\n<\/div>\n<\/div>\n<\/div>\n<\/div>\n","protected":false},"excerpt":{"rendered":"<ul>\n<li><span class=\"product-description-list-inner\">\u0160iroko panoramsko vidno polje s neograni\u010denim pogledom na desno i levo<\/span><\/li>\n<li><span class=\"product-description-list-inner\">Potpuno podesiva traka za glavu i mekan okvir<\/span><\/li>\n<li><span class=\"product-description-list-inner\">Sveobuhvatna bo\u010dna za\u0161tita<\/span><\/li>\n<\/ul>\n","protected":false},"featured_media":2547,"comment_status":"open","ping_status":"closed","template":"","meta":{"_acf_changed":false},"product_brand":[],"product_cat":[333,83,43],"product_tag":[],"class_list":{"0":"post-2546","1":"product","2":"type-product","3":"status-publish","4":"has-post-thumbnail","6":"product_cat-zastitne-naocare","7":"product_cat-zastita-ociju-i-lica","8":"product_cat-oprema-za-licnu-zastitu","9":"member-discount","10":"discount-restricted","12":"first","13":"instock","14":"taxable","15":"shipping-taxable","16":"purchasable","17":"product-type-simple","18":"add-to-wishlist-after_add_to_cart"},"bundled_by":[],"bundle_stock_status":"instock","bundle_stock_quantity":null,"bundle_virtual":false,"bundle_layout":"","bundle_add_to_cart_form_location":"","bundle_editable_in_cart":false,"bundle_sold_individually_context":"","bundle_item_grouping":"","bundle_min_size":"","bundle_max_size":"","bundle_price":[],"bundled_items":[],"bundle_sell_ids":[],"acf":[],"yoast_head":"<!-- This site is optimized with the Yoast SEO plugin v26.5 - https:\/\/yoast.com\/wordpress\/plugins\/seo\/ -->\n<title>Za\u0161titne nao\u010dare s punim vidnim poljem Profi 1 | Princ Alati<\/title>\n<meta name=\"robots\" content=\"noindex, follow, max-snippet:-1, max-image-preview:large, max-video-preview:-1\" \/>\n<meta property=\"og:locale\" content=\"en_US\" \/>\n<meta property=\"og:type\" content=\"article\" \/>\n<meta property=\"og:title\" content=\"Za\u0161titne nao\u010dare s punim vidnim poljem Profi 1 | Princ Alati\" \/>\n<meta property=\"og:description\" content=\"\u0160iroko panoramsko vidno polje s neograni\u010denim pogledom na desno i levo  Potpuno podesiva traka za glavu i mekan okvir  Sveobuhvatna bo\u010dna za\u0161tita\" \/>\n<meta property=\"og:url\" content=\"https:\/\/princalati.rs\/index.php\/product\/zastitne-naocare-s-punim-vidnim-poljem-profi-1\/\" \/>\n<meta property=\"og:site_name\" content=\"Princ Alati\" \/>\n<meta property=\"article:modified_time\" content=\"2025-04-07T12:40:05+00:00\" \/>\n<meta property=\"og:image\" content=\"https:\/\/princalati.rs\/wp-content\/uploads\/2025\/02\/38062TIF-99.webp\" \/>\n\t<meta property=\"og:image:width\" content=\"300\" \/>\n\t<meta property=\"og:image:height\" content=\"300\" \/>\n\t<meta property=\"og:image:type\" content=\"image\/webp\" \/>\n<meta name=\"twitter:card\" content=\"summary_large_image\" \/>\n<meta name=\"twitter:label1\" content=\"Est. reading time\" \/>\n\t<meta name=\"twitter:data1\" content=\"1 minute\" \/>\n<script type=\"application\/ld+json\" class=\"yoast-schema-graph\">{\"@context\":\"https:\/\/schema.org\",\"@graph\":[{\"@type\":\"WebPage\",\"@id\":\"https:\/\/princalati.rs\/index.php\/product\/zastitne-naocare-s-punim-vidnim-poljem-profi-1\/\",\"url\":\"https:\/\/princalati.rs\/index.php\/product\/zastitne-naocare-s-punim-vidnim-poljem-profi-1\/\",\"name\":\"Za\u0161titne nao\u010dare s punim vidnim poljem Profi 1 | Princ Alati\",\"isPartOf\":{\"@id\":\"https:\/\/princalati.rs\/#website\"},\"primaryImageOfPage\":{\"@id\":\"https:\/\/princalati.rs\/index.php\/product\/zastitne-naocare-s-punim-vidnim-poljem-profi-1\/#primaryimage\"},\"image\":{\"@id\":\"https:\/\/princalati.rs\/index.php\/product\/zastitne-naocare-s-punim-vidnim-poljem-profi-1\/#primaryimage\"},\"thumbnailUrl\":\"https:\/\/princalati.rs\/wp-content\/uploads\/2025\/02\/38062TIF-99.webp\",\"datePublished\":\"2025-02-14T08:36:58+00:00\",\"dateModified\":\"2025-04-07T12:40:05+00:00\",\"breadcrumb\":{\"@id\":\"https:\/\/princalati.rs\/index.php\/product\/zastitne-naocare-s-punim-vidnim-poljem-profi-1\/#breadcrumb\"},\"inLanguage\":\"en-US\",\"potentialAction\":[{\"@type\":\"ReadAction\",\"target\":[\"https:\/\/princalati.rs\/index.php\/product\/zastitne-naocare-s-punim-vidnim-poljem-profi-1\/\"]}]},{\"@type\":\"ImageObject\",\"inLanguage\":\"en-US\",\"@id\":\"https:\/\/princalati.rs\/index.php\/product\/zastitne-naocare-s-punim-vidnim-poljem-profi-1\/#primaryimage\",\"url\":\"https:\/\/princalati.rs\/wp-content\/uploads\/2025\/02\/38062TIF-99.webp\",\"contentUrl\":\"https:\/\/princalati.rs\/wp-content\/uploads\/2025\/02\/38062TIF-99.webp\",\"width\":300,\"height\":300},{\"@type\":\"BreadcrumbList\",\"@id\":\"https:\/\/princalati.rs\/index.php\/product\/zastitne-naocare-s-punim-vidnim-poljem-profi-1\/#breadcrumb\",\"itemListElement\":[{\"@type\":\"ListItem\",\"position\":1,\"name\":\"Home\",\"item\":\"https:\/\/princalati.rs\/\"},{\"@type\":\"ListItem\",\"position\":2,\"name\":\"Shop\",\"item\":\"https:\/\/princalati.rs\/index.php\/shop\/\"},{\"@type\":\"ListItem\",\"position\":3,\"name\":\"Za\u0161titne nao\u010dare s punim vidnim poljem Profi 1\"}]},{\"@type\":\"WebSite\",\"@id\":\"https:\/\/princalati.rs\/#website\",\"url\":\"https:\/\/princalati.rs\/\",\"name\":\"Princ Alati\",\"description\":\"\",\"publisher\":{\"@id\":\"https:\/\/princalati.rs\/#organization\"},\"potentialAction\":[{\"@type\":\"SearchAction\",\"target\":{\"@type\":\"EntryPoint\",\"urlTemplate\":\"https:\/\/princalati.rs\/?s={search_term_string}\"},\"query-input\":{\"@type\":\"PropertyValueSpecification\",\"valueRequired\":true,\"valueName\":\"search_term_string\"}}],\"inLanguage\":\"en-US\"},{\"@type\":\"Organization\",\"@id\":\"https:\/\/princalati.rs\/#organization\",\"name\":\"Princ Alati\",\"url\":\"https:\/\/princalati.rs\/\",\"logo\":{\"@type\":\"ImageObject\",\"inLanguage\":\"en-US\",\"@id\":\"https:\/\/princalati.rs\/#\/schema\/logo\/image\/\",\"url\":\"https:\/\/princalati.rs\/wp-content\/uploads\/2024\/12\/logo-1.webp\",\"contentUrl\":\"https:\/\/princalati.rs\/wp-content\/uploads\/2024\/12\/logo-1.webp\",\"width\":500,\"height\":150,\"caption\":\"Princ Alati\"},\"image\":{\"@id\":\"https:\/\/princalati.rs\/#\/schema\/logo\/image\/\"}}]}<\/script>\n<!-- \/ Yoast SEO plugin. -->","yoast_head_json":{"title":"Za\u0161titne nao\u010dare s punim vidnim poljem Profi 1 | Princ Alati","robots":{"index":"noindex","follow":"follow","max-snippet":"max-snippet:-1","max-image-preview":"max-image-preview:large","max-video-preview":"max-video-preview:-1"},"og_locale":"en_US","og_type":"article","og_title":"Za\u0161titne nao\u010dare s punim vidnim poljem Profi 1 | Princ Alati","og_description":"\u0160iroko panoramsko vidno polje s neograni\u010denim pogledom na desno i levo  Potpuno podesiva traka za glavu i mekan okvir  Sveobuhvatna bo\u010dna za\u0161tita","og_url":"https:\/\/princalati.rs\/index.php\/product\/zastitne-naocare-s-punim-vidnim-poljem-profi-1\/","og_site_name":"Princ Alati","article_modified_time":"2025-04-07T12:40:05+00:00","og_image":[{"width":300,"height":300,"url":"https:\/\/princalati.rs\/wp-content\/uploads\/2025\/02\/38062TIF-99.webp","type":"image\/webp"}],"twitter_card":"summary_large_image","twitter_misc":{"Est. reading time":"1 minute"},"schema":{"@context":"https:\/\/schema.org","@graph":[{"@type":"WebPage","@id":"https:\/\/princalati.rs\/index.php\/product\/zastitne-naocare-s-punim-vidnim-poljem-profi-1\/","url":"https:\/\/princalati.rs\/index.php\/product\/zastitne-naocare-s-punim-vidnim-poljem-profi-1\/","name":"Za\u0161titne nao\u010dare s punim vidnim poljem Profi 1 | Princ Alati","isPartOf":{"@id":"https:\/\/princalati.rs\/#website"},"primaryImageOfPage":{"@id":"https:\/\/princalati.rs\/index.php\/product\/zastitne-naocare-s-punim-vidnim-poljem-profi-1\/#primaryimage"},"image":{"@id":"https:\/\/princalati.rs\/index.php\/product\/zastitne-naocare-s-punim-vidnim-poljem-profi-1\/#primaryimage"},"thumbnailUrl":"https:\/\/princalati.rs\/wp-content\/uploads\/2025\/02\/38062TIF-99.webp","datePublished":"2025-02-14T08:36:58+00:00","dateModified":"2025-04-07T12:40:05+00:00","breadcrumb":{"@id":"https:\/\/princalati.rs\/index.php\/product\/zastitne-naocare-s-punim-vidnim-poljem-profi-1\/#breadcrumb"},"inLanguage":"en-US","potentialAction":[{"@type":"ReadAction","target":["https:\/\/princalati.rs\/index.php\/product\/zastitne-naocare-s-punim-vidnim-poljem-profi-1\/"]}]},{"@type":"ImageObject","inLanguage":"en-US","@id":"https:\/\/princalati.rs\/index.php\/product\/zastitne-naocare-s-punim-vidnim-poljem-profi-1\/#primaryimage","url":"https:\/\/princalati.rs\/wp-content\/uploads\/2025\/02\/38062TIF-99.webp","contentUrl":"https:\/\/princalati.rs\/wp-content\/uploads\/2025\/02\/38062TIF-99.webp","width":300,"height":300},{"@type":"BreadcrumbList","@id":"https:\/\/princalati.rs\/index.php\/product\/zastitne-naocare-s-punim-vidnim-poljem-profi-1\/#breadcrumb","itemListElement":[{"@type":"ListItem","position":1,"name":"Home","item":"https:\/\/princalati.rs\/"},{"@type":"ListItem","position":2,"name":"Shop","item":"https:\/\/princalati.rs\/index.php\/shop\/"},{"@type":"ListItem","position":3,"name":"Za\u0161titne nao\u010dare s punim vidnim poljem Profi 1"}]},{"@type":"WebSite","@id":"https:\/\/princalati.rs\/#website","url":"https:\/\/princalati.rs\/","name":"Princ Alati","description":"","publisher":{"@id":"https:\/\/princalati.rs\/#organization"},"potentialAction":[{"@type":"SearchAction","target":{"@type":"EntryPoint","urlTemplate":"https:\/\/princalati.rs\/?s={search_term_string}"},"query-input":{"@type":"PropertyValueSpecification","valueRequired":true,"valueName":"search_term_string"}}],"inLanguage":"en-US"},{"@type":"Organization","@id":"https:\/\/princalati.rs\/#organization","name":"Princ Alati","url":"https:\/\/princalati.rs\/","logo":{"@type":"ImageObject","inLanguage":"en-US","@id":"https:\/\/princalati.rs\/#\/schema\/logo\/image\/","url":"https:\/\/princalati.rs\/wp-content\/uploads\/2024\/12\/logo-1.webp","contentUrl":"https:\/\/princalati.rs\/wp-content\/uploads\/2024\/12\/logo-1.webp","width":500,"height":150,"caption":"Princ Alati"},"image":{"@id":"https:\/\/princalati.rs\/#\/schema\/logo\/image\/"}}]}},"_links":{"self":[{"href":"https:\/\/princalati.rs\/index.php\/wp-json\/wp\/v2\/product\/2546","targetHints":{"allow":["GET"]}}],"collection":[{"href":"https:\/\/princalati.rs\/index.php\/wp-json\/wp\/v2\/product"}],"about":[{"href":"https:\/\/princalati.rs\/index.php\/wp-json\/wp\/v2\/types\/product"}],"replies":[{"embeddable":true,"href":"https:\/\/princalati.rs\/index.php\/wp-json\/wp\/v2\/comments?post=2546"}],"wp:featuredmedia":[{"embeddable":true,"href":"https:\/\/princalati.rs\/index.php\/wp-json\/wp\/v2\/media\/2547"}],"wp:attachment":[{"href":"https:\/\/princalati.rs\/index.php\/wp-json\/wp\/v2\/media?parent=2546"}],"wp:term":[{"taxonomy":"product_brand","embeddable":true,"href":"https:\/\/princalati.rs\/index.php\/wp-json\/wp\/v2\/product_brand?post=2546"},{"taxonomy":"product_cat","embeddable":true,"href":"https:\/\/princalati.rs\/index.php\/wp-json\/wp\/v2\/product_cat?post=2546"},{"taxonomy":"product_tag","embeddable":true,"href":"https:\/\/princalati.rs\/index.php\/wp-json\/wp\/v2\/product_tag?post=2546"}],"curies":[{"name":"wp","href":"https:\/\/api.w.org\/{rel}","templated":true}]}}