{"id":2187,"date":"2025-02-10T14:24:00","date_gmt":"2025-02-10T14:24:00","guid":{"rendered":"https:\/\/princalati.rs\/?post_type=product&#038;p=2187"},"modified":"2025-11-27T22:47:20","modified_gmt":"2025-11-27T22:47:20","slug":"led-lampa-za-glavu-2-u-1-s-usb-c","status":"publish","type":"product","link":"https:\/\/princalati.rs\/index.php\/product\/led-lampa-za-glavu-2-u-1-s-usb-c\/","title":{"rendered":"LED Lampa za glavu 2 u 1 s USB-C"},"content":{"rendered":"<div class=\"pdp-details-container-content\">\n<h3 class=\"pdp-details-container-content-headline\">Detalji<\/h3>\n<\/div>\n<div class=\"pdp-details-container-content\">\n<div class=\"pdp-details-container-content-left\">\n<div>\n<div class=\"headline\">\n<h4>Prednosti:<\/h4>\n<\/div>\n<ul class=\"list\">\n<li class=\"description\">Zna\u010dajno olak\u0161ava rad\n<ul>\n<li>Omogu\u0107uje osvetljenje radnog podru\u010dja, ostavljaju\u0107i obe ruke slobodne<\/li>\n<li>Izuzetno jako osvetljenje na glavi s 250 lumena za profesionalce<\/li>\n<li>Za razliku od konvencionalne lampe za glavu koja proizvodi konus svetlosti, lampa 2 u 1 pru\u017ea optimalno radno svetlo osvetljavaju\u0107i celo radno podru\u010dje<\/li>\n<li>180\u00b0 preklopni dizajn za fleksibilno usmeravanje svetla<\/li>\n<\/ul>\n<\/li>\n<li class=\"description\">Dugotrajniji \u017eivot\n<ul>\n<li>50% du\u017ee vrijeme rada kada se koristi drugi nivo osvetljenja s 120 lumena<\/li>\n<li>Pru\u017ea dovoljno svetla tekom celog radnog dana<\/li>\n<\/ul>\n<\/li>\n<li class=\"description\">Robustna u upotrebi\n<ul>\n<li>Vodootporna i otporna na pra\u0161inu prema IP65<\/li>\n<li>Izuzetno izdr\u017eljiva i otporna na udarce<\/li>\n<li>Odli\u010dna za upotrebu u zatvorenom i na otvorenom<\/li>\n<li>USB-C uti\u010dnica za punjenje s gumiranim za\u0161titnim poklopcem<\/li>\n<\/ul>\n<\/li>\n<li class=\"description\">Mo\u017ee se koristiti svuda\n<ul>\n<li>Odstranjiva lampa za glavu, \u0161to je \u010dini upotrebljivom kao radna lampa bez trake za glavu<\/li>\n<li>S jakim ugra\u0111enim magnetom<\/li>\n<\/ul>\n<\/li>\n<\/ul>\n<\/div>\n<div class=\"pdp-details-container-content-icons\">\n<div class=\"pdp-details-container-content-icons-container\">\n<div class=\"pdp-details-container-content-icons-container-item\"><img decoding=\"async\" class=\"alignleft\" title=\"\" src=\"https:\/\/mediaserver.berner.eu\/External\/XL\/10190244-100.jpg\" alt=\"Naglavna svjetiljka 2 u 1 s USB-C\" width=\"70px\" height=\"70px\" \/><\/div>\n<div class=\"pdp-details-container-content-icons-container-item\"><img decoding=\"async\" class=\"alignleft\" title=\"\" src=\"https:\/\/mediaserver.berner.eu\/External\/XL\/10190246-100.jpg\" alt=\"Naglavna svjetiljka 2 u 1 s USB-C\" width=\"70px\" height=\"70px\" \/><\/div>\n<div class=\"pdp-details-container-content-icons-container-item\"><img decoding=\"async\" class=\"alignleft\" title=\"\" src=\"https:\/\/mediaserver.berner.eu\/External\/XL\/10190125-100.jpg\" alt=\"Naglavna svjetiljka 2 u 1 s USB-C\" width=\"70px\" height=\"70px\" \/><\/div>\n<\/div>\n<\/div>\n<\/div>\n<\/div>\n","protected":false},"excerpt":{"rendered":"<ul>\n<li><span class=\"product-description-list-inner\">Pru\u017ea optimalnu radnu svetlost osvetljavaju\u0107i celo radno podru\u010dje<\/span><\/li>\n<li><span class=\"product-description-list-inner\">Robustna i otporna na udarce, pogodna za upotrebu u zatvorenom i na otvorenom<\/span><\/li>\n<li><span class=\"product-description-list-inner\">Odstranjiva traka za glavu<\/span><\/li>\n<\/ul>\n","protected":false},"featured_media":2188,"comment_status":"open","ping_status":"closed","template":"","meta":{"_acf_changed":false},"product_brand":[],"product_cat":[417,100,45],"product_tag":[2178],"class_list":{"0":"post-2187","1":"product","2":"type-product","3":"status-publish","4":"has-post-thumbnail","6":"product_cat-dzepne-svetiljke","7":"product_cat-radne-lampe","8":"product_cat-oprema-za-radionice","9":"product_tag-akcija","10":"member-discount","11":"discount-restricted","13":"first","14":"instock","15":"taxable","16":"shipping-taxable","17":"purchasable","18":"product-type-simple","19":"add-to-wishlist-after_add_to_cart"},"bundled_by":["2273"],"bundle_stock_status":"instock","bundle_stock_quantity":null,"bundle_virtual":false,"bundle_layout":"","bundle_add_to_cart_form_location":"","bundle_editable_in_cart":false,"bundle_sold_individually_context":"","bundle_item_grouping":"","bundle_min_size":"","bundle_max_size":"","bundle_price":[],"bundled_items":[],"bundle_sell_ids":[],"acf":[],"yoast_head":"<!-- This site is optimized with the Yoast SEO plugin v26.5 - https:\/\/yoast.com\/wordpress\/plugins\/seo\/ -->\n<title>LED Lampa za glavu 2 u 1 s USB-C | Princ Alati<\/title>\n<meta name=\"robots\" content=\"noindex, follow, max-snippet:-1, max-image-preview:large, max-video-preview:-1\" \/>\n<meta property=\"og:locale\" content=\"en_US\" \/>\n<meta property=\"og:type\" content=\"article\" \/>\n<meta property=\"og:title\" content=\"LED Lampa za glavu 2 u 1 s USB-C | Princ Alati\" \/>\n<meta property=\"og:description\" content=\"Pru\u017ea optimalnu radnu svetlost osvetljavaju\u0107i celo radno podru\u010dje  Robustna i otporna na udarce, pogodna za upotrebu u zatvorenom i na otvorenom  Odstranjiva traka za glavu\" \/>\n<meta property=\"og:url\" content=\"https:\/\/princalati.rs\/index.php\/product\/led-lampa-za-glavu-2-u-1-s-usb-c\/\" \/>\n<meta property=\"og:site_name\" content=\"Princ Alati\" \/>\n<meta property=\"article:modified_time\" content=\"2025-11-27T22:47:20+00:00\" \/>\n<meta property=\"og:image\" content=\"https:\/\/princalati.rs\/wp-content\/uploads\/2025\/02\/19199675-99-1.webp\" \/>\n\t<meta property=\"og:image:width\" content=\"800\" \/>\n\t<meta property=\"og:image:height\" content=\"800\" \/>\n\t<meta property=\"og:image:type\" content=\"image\/webp\" \/>\n<meta name=\"twitter:card\" content=\"summary_large_image\" \/>\n<meta name=\"twitter:label1\" content=\"Est. reading time\" \/>\n\t<meta name=\"twitter:data1\" content=\"2 minutes\" \/>\n<script type=\"application\/ld+json\" class=\"yoast-schema-graph\">{\"@context\":\"https:\/\/schema.org\",\"@graph\":[{\"@type\":\"WebPage\",\"@id\":\"https:\/\/princalati.rs\/index.php\/product\/led-lampa-za-glavu-2-u-1-s-usb-c\/\",\"url\":\"https:\/\/princalati.rs\/index.php\/product\/led-lampa-za-glavu-2-u-1-s-usb-c\/\",\"name\":\"LED Lampa za glavu 2 u 1 s USB-C | Princ Alati\",\"isPartOf\":{\"@id\":\"https:\/\/princalati.rs\/#website\"},\"primaryImageOfPage\":{\"@id\":\"https:\/\/princalati.rs\/index.php\/product\/led-lampa-za-glavu-2-u-1-s-usb-c\/#primaryimage\"},\"image\":{\"@id\":\"https:\/\/princalati.rs\/index.php\/product\/led-lampa-za-glavu-2-u-1-s-usb-c\/#primaryimage\"},\"thumbnailUrl\":\"https:\/\/princalati.rs\/wp-content\/uploads\/2025\/02\/19199675-99-1.webp\",\"datePublished\":\"2025-02-10T14:24:00+00:00\",\"dateModified\":\"2025-11-27T22:47:20+00:00\",\"breadcrumb\":{\"@id\":\"https:\/\/princalati.rs\/index.php\/product\/led-lampa-za-glavu-2-u-1-s-usb-c\/#breadcrumb\"},\"inLanguage\":\"en-US\",\"potentialAction\":[{\"@type\":\"ReadAction\",\"target\":[\"https:\/\/princalati.rs\/index.php\/product\/led-lampa-za-glavu-2-u-1-s-usb-c\/\"]}]},{\"@type\":\"ImageObject\",\"inLanguage\":\"en-US\",\"@id\":\"https:\/\/princalati.rs\/index.php\/product\/led-lampa-za-glavu-2-u-1-s-usb-c\/#primaryimage\",\"url\":\"https:\/\/princalati.rs\/wp-content\/uploads\/2025\/02\/19199675-99-1.webp\",\"contentUrl\":\"https:\/\/princalati.rs\/wp-content\/uploads\/2025\/02\/19199675-99-1.webp\",\"width\":800,\"height\":800},{\"@type\":\"BreadcrumbList\",\"@id\":\"https:\/\/princalati.rs\/index.php\/product\/led-lampa-za-glavu-2-u-1-s-usb-c\/#breadcrumb\",\"itemListElement\":[{\"@type\":\"ListItem\",\"position\":1,\"name\":\"Home\",\"item\":\"https:\/\/princalati.rs\/\"},{\"@type\":\"ListItem\",\"position\":2,\"name\":\"Shop\",\"item\":\"https:\/\/princalati.rs\/index.php\/shop\/\"},{\"@type\":\"ListItem\",\"position\":3,\"name\":\"LED Lampa za glavu 2 u 1 s USB-C\"}]},{\"@type\":\"WebSite\",\"@id\":\"https:\/\/princalati.rs\/#website\",\"url\":\"https:\/\/princalati.rs\/\",\"name\":\"Princ Alati\",\"description\":\"\",\"publisher\":{\"@id\":\"https:\/\/princalati.rs\/#organization\"},\"potentialAction\":[{\"@type\":\"SearchAction\",\"target\":{\"@type\":\"EntryPoint\",\"urlTemplate\":\"https:\/\/princalati.rs\/?s={search_term_string}\"},\"query-input\":{\"@type\":\"PropertyValueSpecification\",\"valueRequired\":true,\"valueName\":\"search_term_string\"}}],\"inLanguage\":\"en-US\"},{\"@type\":\"Organization\",\"@id\":\"https:\/\/princalati.rs\/#organization\",\"name\":\"Princ Alati\",\"url\":\"https:\/\/princalati.rs\/\",\"logo\":{\"@type\":\"ImageObject\",\"inLanguage\":\"en-US\",\"@id\":\"https:\/\/princalati.rs\/#\/schema\/logo\/image\/\",\"url\":\"https:\/\/princalati.rs\/wp-content\/uploads\/2024\/12\/logo-1.webp\",\"contentUrl\":\"https:\/\/princalati.rs\/wp-content\/uploads\/2024\/12\/logo-1.webp\",\"width\":500,\"height\":150,\"caption\":\"Princ Alati\"},\"image\":{\"@id\":\"https:\/\/princalati.rs\/#\/schema\/logo\/image\/\"}}]}<\/script>\n<!-- \/ Yoast SEO plugin. -->","yoast_head_json":{"title":"LED Lampa za glavu 2 u 1 s USB-C | Princ Alati","robots":{"index":"noindex","follow":"follow","max-snippet":"max-snippet:-1","max-image-preview":"max-image-preview:large","max-video-preview":"max-video-preview:-1"},"og_locale":"en_US","og_type":"article","og_title":"LED Lampa za glavu 2 u 1 s USB-C | Princ Alati","og_description":"Pru\u017ea optimalnu radnu svetlost osvetljavaju\u0107i celo radno podru\u010dje  Robustna i otporna na udarce, pogodna za upotrebu u zatvorenom i na otvorenom  Odstranjiva traka za glavu","og_url":"https:\/\/princalati.rs\/index.php\/product\/led-lampa-za-glavu-2-u-1-s-usb-c\/","og_site_name":"Princ Alati","article_modified_time":"2025-11-27T22:47:20+00:00","og_image":[{"width":800,"height":800,"url":"https:\/\/princalati.rs\/wp-content\/uploads\/2025\/02\/19199675-99-1.webp","type":"image\/webp"}],"twitter_card":"summary_large_image","twitter_misc":{"Est. reading time":"2 minutes"},"schema":{"@context":"https:\/\/schema.org","@graph":[{"@type":"WebPage","@id":"https:\/\/princalati.rs\/index.php\/product\/led-lampa-za-glavu-2-u-1-s-usb-c\/","url":"https:\/\/princalati.rs\/index.php\/product\/led-lampa-za-glavu-2-u-1-s-usb-c\/","name":"LED Lampa za glavu 2 u 1 s USB-C | Princ Alati","isPartOf":{"@id":"https:\/\/princalati.rs\/#website"},"primaryImageOfPage":{"@id":"https:\/\/princalati.rs\/index.php\/product\/led-lampa-za-glavu-2-u-1-s-usb-c\/#primaryimage"},"image":{"@id":"https:\/\/princalati.rs\/index.php\/product\/led-lampa-za-glavu-2-u-1-s-usb-c\/#primaryimage"},"thumbnailUrl":"https:\/\/princalati.rs\/wp-content\/uploads\/2025\/02\/19199675-99-1.webp","datePublished":"2025-02-10T14:24:00+00:00","dateModified":"2025-11-27T22:47:20+00:00","breadcrumb":{"@id":"https:\/\/princalati.rs\/index.php\/product\/led-lampa-za-glavu-2-u-1-s-usb-c\/#breadcrumb"},"inLanguage":"en-US","potentialAction":[{"@type":"ReadAction","target":["https:\/\/princalati.rs\/index.php\/product\/led-lampa-za-glavu-2-u-1-s-usb-c\/"]}]},{"@type":"ImageObject","inLanguage":"en-US","@id":"https:\/\/princalati.rs\/index.php\/product\/led-lampa-za-glavu-2-u-1-s-usb-c\/#primaryimage","url":"https:\/\/princalati.rs\/wp-content\/uploads\/2025\/02\/19199675-99-1.webp","contentUrl":"https:\/\/princalati.rs\/wp-content\/uploads\/2025\/02\/19199675-99-1.webp","width":800,"height":800},{"@type":"BreadcrumbList","@id":"https:\/\/princalati.rs\/index.php\/product\/led-lampa-za-glavu-2-u-1-s-usb-c\/#breadcrumb","itemListElement":[{"@type":"ListItem","position":1,"name":"Home","item":"https:\/\/princalati.rs\/"},{"@type":"ListItem","position":2,"name":"Shop","item":"https:\/\/princalati.rs\/index.php\/shop\/"},{"@type":"ListItem","position":3,"name":"LED Lampa za glavu 2 u 1 s USB-C"}]},{"@type":"WebSite","@id":"https:\/\/princalati.rs\/#website","url":"https:\/\/princalati.rs\/","name":"Princ Alati","description":"","publisher":{"@id":"https:\/\/princalati.rs\/#organization"},"potentialAction":[{"@type":"SearchAction","target":{"@type":"EntryPoint","urlTemplate":"https:\/\/princalati.rs\/?s={search_term_string}"},"query-input":{"@type":"PropertyValueSpecification","valueRequired":true,"valueName":"search_term_string"}}],"inLanguage":"en-US"},{"@type":"Organization","@id":"https:\/\/princalati.rs\/#organization","name":"Princ Alati","url":"https:\/\/princalati.rs\/","logo":{"@type":"ImageObject","inLanguage":"en-US","@id":"https:\/\/princalati.rs\/#\/schema\/logo\/image\/","url":"https:\/\/princalati.rs\/wp-content\/uploads\/2024\/12\/logo-1.webp","contentUrl":"https:\/\/princalati.rs\/wp-content\/uploads\/2024\/12\/logo-1.webp","width":500,"height":150,"caption":"Princ Alati"},"image":{"@id":"https:\/\/princalati.rs\/#\/schema\/logo\/image\/"}}]}},"_links":{"self":[{"href":"https:\/\/princalati.rs\/index.php\/wp-json\/wp\/v2\/product\/2187","targetHints":{"allow":["GET"]}}],"collection":[{"href":"https:\/\/princalati.rs\/index.php\/wp-json\/wp\/v2\/product"}],"about":[{"href":"https:\/\/princalati.rs\/index.php\/wp-json\/wp\/v2\/types\/product"}],"replies":[{"embeddable":true,"href":"https:\/\/princalati.rs\/index.php\/wp-json\/wp\/v2\/comments?post=2187"}],"wp:featuredmedia":[{"embeddable":true,"href":"https:\/\/princalati.rs\/index.php\/wp-json\/wp\/v2\/media\/2188"}],"wp:attachment":[{"href":"https:\/\/princalati.rs\/index.php\/wp-json\/wp\/v2\/media?parent=2187"}],"wp:term":[{"taxonomy":"product_brand","embeddable":true,"href":"https:\/\/princalati.rs\/index.php\/wp-json\/wp\/v2\/product_brand?post=2187"},{"taxonomy":"product_cat","embeddable":true,"href":"https:\/\/princalati.rs\/index.php\/wp-json\/wp\/v2\/product_cat?post=2187"},{"taxonomy":"product_tag","embeddable":true,"href":"https:\/\/princalati.rs\/index.php\/wp-json\/wp\/v2\/product_tag?post=2187"}],"curies":[{"name":"wp","href":"https:\/\/api.w.org\/{rel}","templated":true}]}}